{"id":1412,"date":"2012-07-06T12:29:03","date_gmt":"2012-07-06T12:29:03","guid":{"rendered":"http:\/\/www.reitverein-roehlingen.de\/html\/wordpress\/wp-content\/uploads\/1992\/12\/1992-Reithallenbau-Richtfest.jpg"},"modified":"2012-07-06T12:29:03","modified_gmt":"2012-07-06T12:29:03","slug":"1992-reithallenbau-richtfest","status":"inherit","type":"attachment","link":"https:\/\/www.reitverein-roehlingen.de\/html\/wordpress\/?attachment_id=1412","title":{"rendered":"1992-Reithallenbau-Richtfest"},"author":2,"featured_media":0,"comment_status":"closed","ping_status":"closed","template":"","meta":[],"class_list":["post-1412","attachment","type-attachment","status-inherit","hentry"],"description":{"rendered":"Richtfest am 25.09.92 Zimmerleute beim Richtspruch Auszug:\r\nAlle eint nach M\u00fch und Plage Richtfestfreud an diesem Tage, und vom luftig hohen Ort f\u00fchrt der Zimmermann das Wort. Er weiht den Neubau z\u00fcnftig ein, legt seinen Segen stolz hinein. ...\r\nVollendet steht die stolze Halle, zu der echte Reiter walle, bei dem es hei\u00dft, das Gl\u00fcck der Erde l\u00e4g auf dem R\u00fccken edler Pferde. ... <a href=\"https:\/\/www.reitverein-roehlingen.de\/html\/wordpress\/?attachment_id=1412\" class=\"more-link\"> [...]  Weiterlesen<\/a>"},"caption":{"rendered":"<p>Richtfest am 25.09.92 Zimmerleute beim Richtspruch Auszug:<br \/>\nAlle eint nach M\u00fch und Plage Richtfestfreud an diesem Tage, und vom luftig hohen Ort f\u00fchrt der Zimmermann das Wort. Er weiht den Neubau z\u00fcnftig ein, legt seinen Segen stolz hinein. &#8230;<br \/>\nVollendet steht die stolze Halle, zu der echte Reiter walle, bei dem es hei\u00dft, das Gl\u00fcck der Erde l\u00e4g auf dem R\u00fccken edler Pferde. &#8230; <a href=\"https:\/\/www.reitverein-roehlingen.de\/html\/wordpress\/?attachment_id=1412\">Weiterlesen <span class=\"meta-nav\">&rarr;<\/span><\/a><\/p>\n"},"alt_text":"","media_type":"image","mime_type":"image\/jpeg","media_details":{"width":"450","height":"342","hwstring_small":"height='96' width='126'","file":"1992\/12\/1992-Reithallenbau-Richtfest.jpg","sizes":{"thumbnail":{"file":"1992-Reithallenbau-Richtfest-150x150.jpg","width":"150","height":"150","source_url":"https:\/\/www.reitverein-roehlingen.de\/html\/wordpress\/wp-content\/uploads\/1992\/12\/1992-Reithallenbau-Richtfest-150x150.jpg"},"medium":{"file":"1992-Reithallenbau-Richtfest-300x228.jpg","width":"300","height":"228","source_url":"https:\/\/www.reitverein-roehlingen.de\/html\/wordpress\/wp-content\/uploads\/1992\/12\/1992-Reithallenbau-Richtfest-300x228.jpg"},"post-thumbnail":{"file":"1992-Reithallenbau-Richtfest-450x288.jpg","width":"450","height":"288","source_url":"https:\/\/www.reitverein-roehlingen.de\/html\/wordpress\/wp-content\/uploads\/1992\/12\/1992-Reithallenbau-Richtfest-450x288.jpg"},"large-feature":{"file":"1992-Reithallenbau-Richtfest-450x288.jpg","width":"450","height":"288","source_url":"https:\/\/www.reitverein-roehlingen.de\/html\/wordpress\/wp-content\/uploads\/1992\/12\/1992-Reithallenbau-Richtfest-450x288.jpg"},"small-feature":{"file":"1992-Reithallenbau-Richtfest-394x300.jpg","width":"394","height":"300","source_url":"https:\/\/www.reitverein-roehlingen.de\/html\/wordpress\/wp-content\/uploads\/1992\/12\/1992-Reithallenbau-Richtfest-394x300.jpg"},"full":{"file":"1992-Reithallenbau-Richtfest.jpg","width":450,"height":342,"mime_type":"image\/jpeg","source_url":"https:\/\/www.reitverein-roehlingen.de\/html\/wordpress\/wp-content\/uploads\/1992\/12\/1992-Reithallenbau-Richtfest.jpg"}},"image_meta":{"aperture":"0","credit":"","camera":"","caption":"","created_timestamp":"0","copyright":"","focal_length":"0","iso":"0","shutter_speed":"0","title":""}},"post":266,"source_url":"https:\/\/www.reitverein-roehlingen.de\/html\/wordpress\/wp-content\/uploads\/1992\/12\/1992-Reithallenbau-Richtfest.jpg","_links":{"self":[{"href":"https:\/\/www.reitverein-roehlingen.de\/html\/wordpress\/index.php?rest_route=\/wp\/v2\/media\/1412","targetHints":{"allow":["GET"]}}],"collection":[{"href":"https:\/\/www.reitverein-roehlingen.de\/html\/wordpress\/index.php?rest_route=\/wp\/v2\/media"}],"about":[{"href":"https:\/\/www.reitverein-roehlingen.de\/html\/wordpress\/index.php?rest_route=\/wp\/v2\/types\/attachment"}],"author":[{"embeddable":true,"href":"https:\/\/www.reitverein-roehlingen.de\/html\/wordpress\/index.php?rest_route=\/wp\/v2\/users\/2"}],"replies":[{"embeddable":true,"href":"https:\/\/www.reitverein-roehlingen.de\/html\/wordpress\/index.php?rest_route=%2Fwp%2Fv2%2Fcomments&post=1412"}],"wp:attached-to":[{"embeddable":true,"post_type":"post","id":266,"href":"https:\/\/www.reitverein-roehlingen.de\/html\/wordpress\/index.php?rest_route=\/wp\/v2\/posts\/266"}],"curies":[{"name":"wp","href":"https:\/\/api.w.org\/{rel}","templated":true}]}}