{"id":8181,"date":"2015-08-14T15:34:55","date_gmt":"2015-08-14T15:34:55","guid":{"rendered":"http:\/\/www.reitverein-roehlingen.de\/html\/wordpress\/wp-content\/uploads\/2015\/08\/Hochzeit-Tanja-Simon-9.jpg"},"modified":"2015-08-14T15:41:54","modified_gmt":"2015-08-14T15:41:54","slug":"hochzeit-tanja-simon-9","status":"inherit","type":"attachment","link":"https:\/\/www.reitverein-roehlingen.de\/html\/wordpress\/?attachment_id=8181","title":{"rendered":"Hochzeit-Tanja-Simon-9"},"author":2,"featured_media":0,"comment_status":"closed","ping_status":"closed","template":"","meta":[],"class_list":["post-8181","attachment","type-attachment","status-inherit","hentry"],"description":{"rendered":"Hier kommen die Reiter nach der Begleitung zur\u00fcck. Am Sportplatz in Neunheim stieg das Brautpaar in ein Auto um und Reiter und Kutsche kehrten nach Hause zur\u00fcck... In Rattstadt auf dem Hof der Familie Gaukler war der Treffpunkt gewesen, dorthin kehrten jetzt alle zur\u00fcck.... <a href=\"https:\/\/www.reitverein-roehlingen.de\/html\/wordpress\/?attachment_id=8181\" class=\"more-link\"> [...]  Weiterlesen<\/a>"},"caption":{"rendered":"<p>Hier kommen die Reiter nach der Begleitung zur\u00fcck. Am Sportplatz in Neunheim stieg das Brautpaar in ein Auto um und Reiter und Kutsche kehrten nach Hause zur\u00fcck&#8230; In Rattstadt auf dem Hof der Familie Gaukler war der Treffpunkt gewesen, dorthin kehrten jetzt alle zur\u00fcck&#8230;. <a href=\"https:\/\/www.reitverein-roehlingen.de\/html\/wordpress\/?attachment_id=8181\">Weiterlesen <span class=\"meta-nav\">&rarr;<\/span><\/a><\/p>\n"},"alt_text":"","media_type":"image","mime_type":"image\/jpeg","media_details":{"width":450,"height":300,"file":"2015\/08\/Hochzeit-Tanja-Simon-9.jpg","sizes":{"thumbnail":{"file":"Hochzeit-Tanja-Simon-9-150x150.jpg","width":150,"height":150,"mime_type":"image\/jpeg","source_url":"https:\/\/www.reitverein-roehlingen.de\/html\/wordpress\/wp-content\/uploads\/2015\/08\/Hochzeit-Tanja-Simon-9-150x150.jpg"},"medium":{"file":"Hochzeit-Tanja-Simon-9-300x200.jpg","width":300,"height":200,"mime_type":"image\/jpeg","source_url":"https:\/\/www.reitverein-roehlingen.de\/html\/wordpress\/wp-content\/uploads\/2015\/08\/Hochzeit-Tanja-Simon-9-300x200.jpg"},"large":{"file":"Hochzeit-Tanja-Simon-9-450x300.jpg","width":450,"height":300,"mime_type":"image\/jpeg","source_url":"https:\/\/www.reitverein-roehlingen.de\/html\/wordpress\/wp-content\/uploads\/2015\/08\/Hochzeit-Tanja-Simon-9-450x300.jpg"},"post-thumbnail":{"file":"Hochzeit-Tanja-Simon-9-450x288.jpg","width":450,"height":288,"mime_type":"image\/jpeg","source_url":"https:\/\/www.reitverein-roehlingen.de\/html\/wordpress\/wp-content\/uploads\/2015\/08\/Hochzeit-Tanja-Simon-9-450x288.jpg"},"large-feature":{"file":"Hochzeit-Tanja-Simon-9-450x288.jpg","width":450,"height":288,"mime_type":"image\/jpeg","source_url":"https:\/\/www.reitverein-roehlingen.de\/html\/wordpress\/wp-content\/uploads\/2015\/08\/Hochzeit-Tanja-Simon-9-450x288.jpg"},"small-feature":{"file":"Hochzeit-Tanja-Simon-9-450x300.jpg","width":450,"height":300,"mime_type":"image\/jpeg","source_url":"https:\/\/www.reitverein-roehlingen.de\/html\/wordpress\/wp-content\/uploads\/2015\/08\/Hochzeit-Tanja-Simon-9-450x300.jpg"},"full":{"file":"Hochzeit-Tanja-Simon-9.jpg","width":450,"height":300,"mime_type":"image\/jpeg","source_url":"https:\/\/www.reitverein-roehlingen.de\/html\/wordpress\/wp-content\/uploads\/2015\/08\/Hochzeit-Tanja-Simon-9.jpg"}},"image_meta":{"aperture":0,"credit":"","camera":"","caption":"","created_timestamp":0,"copyright":"","focal_length":0,"iso":0,"shutter_speed":0,"title":"","orientation":0}},"post":8172,"source_url":"https:\/\/www.reitverein-roehlingen.de\/html\/wordpress\/wp-content\/uploads\/2015\/08\/Hochzeit-Tanja-Simon-9.jpg","_links":{"self":[{"href":"https:\/\/www.reitverein-roehlingen.de\/html\/wordpress\/index.php?rest_route=\/wp\/v2\/media\/8181","targetHints":{"allow":["GET"]}}],"collection":[{"href":"https:\/\/www.reitverein-roehlingen.de\/html\/wordpress\/index.php?rest_route=\/wp\/v2\/media"}],"about":[{"href":"https:\/\/www.reitverein-roehlingen.de\/html\/wordpress\/index.php?rest_route=\/wp\/v2\/types\/attachment"}],"author":[{"embeddable":true,"href":"https:\/\/www.reitverein-roehlingen.de\/html\/wordpress\/index.php?rest_route=\/wp\/v2\/users\/2"}],"replies":[{"embeddable":true,"href":"https:\/\/www.reitverein-roehlingen.de\/html\/wordpress\/index.php?rest_route=%2Fwp%2Fv2%2Fcomments&post=8181"}],"wp:attached-to":[{"embeddable":true,"post_type":"post","id":8172,"href":"https:\/\/www.reitverein-roehlingen.de\/html\/wordpress\/index.php?rest_route=\/wp\/v2\/posts\/8172"}],"curies":[{"name":"wp","href":"https:\/\/api.w.org\/{rel}","templated":true}]}}